{"id":11371,"date":"2021-06-02T13:54:08","date_gmt":"2021-06-02T11:54:08","guid":{"rendered":"https:\/\/www.hallein.com\/erleben\/veranstaltung\/fit-am-berg\/"},"modified":"2021-06-02T13:54:08","modified_gmt":"2021-06-02T11:54:08","slug":"fit-am-berg","status":"publish","type":"cpt_event","link":"https:\/\/www.hallein.com\/en\/erleben\/veranstaltung\/fit-am-berg\/","title":{"rendered":"Fit am Berg"},"content":{"rendered":"<p><strong>Eine Auszeit vom Alltag nehmen und die Seele baumeln lassen. Entdecken Sie sicher und stressfrei die Sch\u00f6nheiten der Natur und der Berge gemeinsam mit Christian Lindtner. <\/strong><strong><br \/>\n<\/strong><br \/>\nF\u00fcr Jung, Alt, Anf\u00e4nger und Sportler mit abschlie\u00dfender Einkehr ins Zinkenst\u00fcberl. Erkunden Sie die herrliche Landschaft um Bad D\u00fcrrnberg!<\/p>\n<p>&nbsp;<\/p>\n<p><strong>Termine: <\/strong>Jeden Freitag von Mai bis September bei trockenem Wetter<\/p>\n<p><strong>Start: <\/strong>Kurhaus St. Josef, Hellstra\u00dfe 1, 5422 Bad D\u00fcrrnberg<\/p>\n<p><strong>Beginn:<\/strong> 16.00 Uhr<\/p>\n<p><strong>Dauer: <\/strong>Aufstieg ca. 1,5 Stunden, Abstieg ca. 40 Minuten<\/p>\n<p><strong>Preis:<\/strong> EUR 10,\u2013 pro Person<br \/>\nAusgenommen Kurg\u00e4ste der Kuranstalt Bad D\u00fcrrnberg<\/p>\n","protected":false},"excerpt":{"rendered":"<p>Eine Auszeit vom Alltag nehmen und die Seele baumeln lassen. Entdecken Sie sicher und stressfrei die Sch\u00f6nheiten der Natur und der Berge gemeinsam mit Christian Lindtner. F\u00fcr Jung, Alt, Anf\u00e4nger und Sportler mit abschlie\u00dfender Einkehr ins Zinkenst\u00fcberl. Erkunden Sie die herrliche Landschaft um Bad D\u00fcrrnberg! &nbsp; Termine: Jeden Freitag von Mai bis September bei trockenem [&hellip;]<\/p>\n","protected":false},"featured_media":9463,"menu_order":0,"template":"","class_list":["post-11371","cpt_event","type-cpt_event","status-publish","has-post-thumbnail","hentry"],"acf":[],"_links":{"self":[{"href":"https:\/\/www.hallein.com\/en\/wp-json\/wp\/v2\/cpt_event\/11371","targetHints":{"allow":["GET"]}}],"collection":[{"href":"https:\/\/www.hallein.com\/en\/wp-json\/wp\/v2\/cpt_event"}],"about":[{"href":"https:\/\/www.hallein.com\/en\/wp-json\/wp\/v2\/types\/cpt_event"}],"wp:featuredmedia":[{"embeddable":true,"href":"https:\/\/www.hallein.com\/en\/wp-json\/wp\/v2\/media\/9463"}],"wp:attachment":[{"href":"https:\/\/www.hallein.com\/en\/wp-json\/wp\/v2\/media?parent=11371"}],"curies":[{"name":"wp","href":"https:\/\/api.w.org\/{rel}","templated":true}]}}