{"id":11370,"date":"2021-06-02T13:55:57","date_gmt":"2021-06-02T11:55:57","guid":{"rendered":"https:\/\/www.hallein.com\/erleben\/veranstaltung\/vollmond-und-wanderung\/"},"modified":"2021-06-02T13:55:57","modified_gmt":"2021-06-02T11:55:57","slug":"vollmond-und-wanderung","status":"publish","type":"cpt_event","link":"https:\/\/www.hallein.com\/en\/erleben\/veranstaltung\/vollmond-und-wanderung\/","title":{"rendered":"Vollmond und Wanderung"},"content":{"rendered":"<p><strong>Mal wieder raus in die Natur, weg vom Alltagsstress und dem Trubel unserer schnelllebigen Zeit. <\/strong><\/p>\n<p>Gemeinsam wandern wir auf den D\u00fcrrnberg, zum Zinkenst\u00fcberl, und genie\u00dfen bei dieser gef\u00fchrten Wanderung eine ungetr\u00fcbte Sicht auf den wundersch\u00f6nen Vollmond. Im Zinkenst\u00fcberl erwartet uns ein Bauernbuffet mit hausgemachten Schmankerln aus der Region.<\/p>\n<p>&nbsp;<\/p>\n<p><strong>Termine: <\/strong>26. Mai, 24. Juni, 24. Juli, 22. August, 21. September<\/p>\n<p><strong>Start: <\/strong>Kurhotel St. Josef, Hellstra\u00dfe 1, 5422 Bad D\u00fcrrnberg<\/p>\n<p><strong>Beginn: <\/strong>19.00 Uhr<\/p>\n<p><strong>Dauer: <\/strong>Aufstieg ca. 1,5 Stunden, Abstieg ca. 40 Minuten<\/p>\n<p><strong>Preis:<\/strong> EUR 25,\u2013 pro Person<\/p>\n<p><strong>Teilnehmerzahl: <\/strong>min. 4 Personen<\/p>\n","protected":false},"excerpt":{"rendered":"<p>Mal wieder raus in die Natur, weg vom Alltagsstress und dem Trubel unserer schnelllebigen Zeit. Gemeinsam wandern wir auf den D\u00fcrrnberg, zum Zinkenst\u00fcberl, und genie\u00dfen bei dieser gef\u00fchrten Wanderung eine ungetr\u00fcbte Sicht auf den wundersch\u00f6nen Vollmond. Im Zinkenst\u00fcberl erwartet uns ein Bauernbuffet mit hausgemachten Schmankerln aus der Region. &nbsp; Termine: 26. Mai, 24. Juni, 24. [&hellip;]<\/p>\n","protected":false},"featured_media":9460,"menu_order":0,"template":"","class_list":["post-11370","cpt_event","type-cpt_event","status-publish","has-post-thumbnail","hentry"],"acf":[],"_links":{"self":[{"href":"https:\/\/www.hallein.com\/en\/wp-json\/wp\/v2\/cpt_event\/11370","targetHints":{"allow":["GET"]}}],"collection":[{"href":"https:\/\/www.hallein.com\/en\/wp-json\/wp\/v2\/cpt_event"}],"about":[{"href":"https:\/\/www.hallein.com\/en\/wp-json\/wp\/v2\/types\/cpt_event"}],"wp:featuredmedia":[{"embeddable":true,"href":"https:\/\/www.hallein.com\/en\/wp-json\/wp\/v2\/media\/9460"}],"wp:attachment":[{"href":"https:\/\/www.hallein.com\/en\/wp-json\/wp\/v2\/media?parent=11370"}],"curies":[{"name":"wp","href":"https:\/\/api.w.org\/{rel}","templated":true}]}}