{"id":11349,"date":"2021-06-14T09:11:25","date_gmt":"2021-06-14T07:11:25","guid":{"rendered":"https:\/\/www.hallein.com\/erleben\/veranstaltung\/hallein-ist-m%c9%99hr\/"},"modified":"2021-06-14T09:11:25","modified_gmt":"2021-06-14T07:11:25","slug":"hallein-ist-m%c9%99hr","status":"publish","type":"cpt_event","link":"https:\/\/www.hallein.com\/en\/erleben\/veranstaltung\/hallein-ist-m%c9%99hr\/","title":{"rendered":"hallein ist m\u0259(h)r"},"content":{"rendered":"<p><strong>Der Titel der Ausstellung hallein ist m\u0259(h)r suggeriert Urlaub und mehr. Erstmals wird dabei Lebensarbeit von Gerti Englj\u00e4hringer in Hallein gezeigt. Ganz in der Tradition des objet trouve verarbeitet die K\u00fcnstlerin \u00fcber die Jahre gesammelte Muscheln zu einem etwa sechzig Meter langen Gesamtkunstwerk.<\/strong><\/p>\n<p>Zehn weitere k\u00fcnstlerische Positionen von Anna Stadler &amp; Lukas Gwechenberger, Gertrud Fischbacher &amp; Marius Schebella, Beate Ronacher, Peter Brauneis, Johann Schwarz, Christian Ecker, Wolfgang Richter, Nadia El-Ayachi, Regina &amp; Peter Rieder, Andrea L\u00fcth greifen ebenfalls Gedanken zum Meer und mehr auf und bieten eine vielschichtige Auseinandersetzung mit dem Thema<\/p>\n","protected":false},"excerpt":{"rendered":"<p>Der Titel der Ausstellung hallein ist m\u0259(h)r suggeriert Urlaub und mehr. Erstmals wird dabei Lebensarbeit von Gerti Englj\u00e4hringer in Hallein gezeigt. Ganz in der Tradition des objet trouve verarbeitet die K\u00fcnstlerin \u00fcber die Jahre gesammelte Muscheln zu einem etwa sechzig Meter langen Gesamtkunstwerk. Zehn weitere k\u00fcnstlerische Positionen von Anna Stadler &amp; Lukas Gwechenberger, Gertrud Fischbacher [&hellip;]<\/p>\n","protected":false},"featured_media":9732,"menu_order":0,"template":"","class_list":["post-11349","cpt_event","type-cpt_event","status-publish","has-post-thumbnail","hentry"],"acf":[],"_links":{"self":[{"href":"https:\/\/www.hallein.com\/en\/wp-json\/wp\/v2\/cpt_event\/11349","targetHints":{"allow":["GET"]}}],"collection":[{"href":"https:\/\/www.hallein.com\/en\/wp-json\/wp\/v2\/cpt_event"}],"about":[{"href":"https:\/\/www.hallein.com\/en\/wp-json\/wp\/v2\/types\/cpt_event"}],"wp:featuredmedia":[{"embeddable":true,"href":"https:\/\/www.hallein.com\/en\/wp-json\/wp\/v2\/media\/9732"}],"wp:attachment":[{"href":"https:\/\/www.hallein.com\/en\/wp-json\/wp\/v2\/media?parent=11349"}],"curies":[{"name":"wp","href":"https:\/\/api.w.org\/{rel}","templated":true}]}}