{"id":11308,"date":"2021-08-27T15:21:26","date_gmt":"2021-08-27T13:21:26","guid":{"rendered":"https:\/\/www.hallein.com\/erleben\/veranstaltung\/geschichten-von-den-tschickweibern\/"},"modified":"2021-08-27T15:21:26","modified_gmt":"2021-08-27T13:21:26","slug":"geschichten-von-den-tschickweibern","status":"publish","type":"cpt_event","link":"https:\/\/www.hallein.com\/en\/erleben\/veranstaltung\/geschichten-von-den-tschickweibern\/","title":{"rendered":"Geschichte(n) von den Tschickweibern"},"content":{"rendered":"<p><strong>Ein Abend mit Bildern und Erz\u00e4hlungen rund um die Zigarrenfabrik <\/strong><br \/>\n<strong><br \/>\nHistorische Bilder und Aufnahmen aus dem Theaterst\u00fcck der vergangenen Jahre sind der rote Faden des Abends. Kurze Filmausschnitte und Tonaufnahmen erg\u00e4nzen das Programm. <\/strong><strong>Zu h\u00f6ren ist auch die Stimme von Agnes Primocic. <\/strong><strong>Wann und wo hat alles begonnen? Mit der Zigarrenfabrik und mit dem Theaterst\u00fcck?<\/strong><strong><br \/>\n<\/strong><\/p>\n<p>Durch den Abend f\u00fchren Christa Hassfurther (Co-Autorin, Regisseurin \u201eDie Tschikweiber\u201c) und der Historiker Prof. Wolfgang Wintersteller, der sein umfassendes Wissen in spannenden Worten vor seinem Publikum ausbreitet.<\/p>\n","protected":false},"excerpt":{"rendered":"<p>Ein Abend mit Bildern und Erz\u00e4hlungen rund um die Zigarrenfabrik Historische Bilder und Aufnahmen aus dem Theaterst\u00fcck der vergangenen Jahre sind der rote Faden des Abends. Kurze Filmausschnitte und Tonaufnahmen erg\u00e4nzen das Programm. Zu h\u00f6ren ist auch die Stimme von Agnes Primocic. Wann und wo hat alles begonnen? Mit der Zigarrenfabrik und mit dem Theaterst\u00fcck? [&hellip;]<\/p>\n","protected":false},"featured_media":9883,"menu_order":0,"template":"","class_list":["post-11308","cpt_event","type-cpt_event","status-publish","has-post-thumbnail","hentry"],"acf":[],"_links":{"self":[{"href":"https:\/\/www.hallein.com\/en\/wp-json\/wp\/v2\/cpt_event\/11308","targetHints":{"allow":["GET"]}}],"collection":[{"href":"https:\/\/www.hallein.com\/en\/wp-json\/wp\/v2\/cpt_event"}],"about":[{"href":"https:\/\/www.hallein.com\/en\/wp-json\/wp\/v2\/types\/cpt_event"}],"wp:featuredmedia":[{"embeddable":true,"href":"https:\/\/www.hallein.com\/en\/wp-json\/wp\/v2\/media\/9883"}],"wp:attachment":[{"href":"https:\/\/www.hallein.com\/en\/wp-json\/wp\/v2\/media?parent=11308"}],"curies":[{"name":"wp","href":"https:\/\/api.w.org\/{rel}","templated":true}]}}