{"id":11307,"date":"2021-08-27T16:07:02","date_gmt":"2021-08-27T14:07:02","guid":{"rendered":"https:\/\/www.hallein.com\/erleben\/veranstaltung\/festkolloquium-die-kelten\/"},"modified":"2021-08-27T16:07:02","modified_gmt":"2021-08-27T14:07:02","slug":"festkolloquium-die-kelten","status":"publish","type":"cpt_event","link":"https:\/\/www.hallein.com\/en\/erleben\/veranstaltung\/festkolloquium-die-kelten\/","title":{"rendered":"Festkolloquium: Die Kelten"},"content":{"rendered":"<p><strong>Die Kelten: Ursprung, Geschichte und Mythos<\/p>\n<p>Als eines der bedeutendsten arch\u00e4ologischen Fundortmuseen Europas zeigt das Keltenmuseum Hallein die spektakul\u00e4ren Funde der eisenzeitlichen Salzmetropole auf dem D\u00fcrrnberg. Im Jahr 2020 feierte das Keltenmuseum Hallein sein 50-j\u00e4hriges Jubil\u00e4um. Die wegen der Pandemie abgesagte Festveranstaltung wird jetzt nachgeholt. <\/strong><\/p>\n<p>Ein \u00f6ffentliches Festkolloquium mit internationalen ExpertInnen w\u00fcrdigt Jahrzehnte der Forschung zur Welt der Kelten. Renommierte WissenschaftlerInnen geben in spannenden Vortr\u00e4gen Einblicke in Kultur, Geschichte und Mythologie der antiken Kelten, schildern Alltag und Religion, Kunst und Handwerk sowie die Irrwege esoterischer Keltenverkl\u00e4rung.<\/p>\n<p>Die Teilnahme ist kostenlos.<\/p>\n","protected":false},"excerpt":{"rendered":"<p>Die Kelten: Ursprung, Geschichte und Mythos Als eines der bedeutendsten arch\u00e4ologischen Fundortmuseen Europas zeigt das Keltenmuseum Hallein die spektakul\u00e4ren Funde der eisenzeitlichen Salzmetropole auf dem D\u00fcrrnberg. Im Jahr 2020 feierte das Keltenmuseum Hallein sein 50-j\u00e4hriges Jubil\u00e4um. Die wegen der Pandemie abgesagte Festveranstaltung wird jetzt nachgeholt. Ein \u00f6ffentliches Festkolloquium mit internationalen ExpertInnen w\u00fcrdigt Jahrzehnte der Forschung [&hellip;]<\/p>\n","protected":false},"featured_media":9888,"menu_order":0,"template":"","class_list":["post-11307","cpt_event","type-cpt_event","status-publish","has-post-thumbnail","hentry"],"acf":[],"_links":{"self":[{"href":"https:\/\/www.hallein.com\/en\/wp-json\/wp\/v2\/cpt_event\/11307","targetHints":{"allow":["GET"]}}],"collection":[{"href":"https:\/\/www.hallein.com\/en\/wp-json\/wp\/v2\/cpt_event"}],"about":[{"href":"https:\/\/www.hallein.com\/en\/wp-json\/wp\/v2\/types\/cpt_event"}],"wp:featuredmedia":[{"embeddable":true,"href":"https:\/\/www.hallein.com\/en\/wp-json\/wp\/v2\/media\/9888"}],"wp:attachment":[{"href":"https:\/\/www.hallein.com\/en\/wp-json\/wp\/v2\/media?parent=11307"}],"curies":[{"name":"wp","href":"https:\/\/api.w.org\/{rel}","templated":true}]}}