{"id":11275,"date":"2021-09-21T14:44:57","date_gmt":"2021-09-21T12:44:57","guid":{"rendered":"https:\/\/www.hallein.com\/erleben\/veranstaltung\/halleiner-schnaeppchenmarkt\/"},"modified":"2024-05-22T08:11:27","modified_gmt":"2024-05-22T06:11:27","slug":"halleiner-schnaeppchenmarkt","status":"publish","type":"cpt_event","link":"https:\/\/www.hallein.com\/en\/erleben\/veranstaltung\/halleiner-schnaeppchenmarkt\/","title":{"rendered":"Halleiner Schn\u00e4ppchen- Markt"},"content":{"rendered":"<p><strong>F\u00fcr alle Schn\u00e4ppchenj\u00e4ger ist es wieder soweit! Vom 22. bis 24. Mai 2024 \u00f6ffnet der allseits beliebte Schn\u00e4ppchenmarkt seine Tore.<\/strong><\/p>\n<p>Zwischen 9 und 18 Uhr bietet sich wie jedes Jahr die perfekte Gelegenheit, in Hallein besonders g\u00fcnstig einzukaufen. Sowohl an den zahlreichen St\u00e4nden vor den Gesch\u00e4ften als auch direkt in den L\u00e4den laden die Kaufleute aus Hallein herzlich ein, das perfekte Schn\u00e4ppchen zu ergattern<\/p>\n<p><strong>Teilnehmende Betriebe:<\/strong><br \/>\n<a href=\"https:\/\/www.hallein.com\/en\/unternehmen\/einzig-artig-bei-silvia\/\">Einzig-artig bei Silvia<\/a>, <a href=\"https:\/\/www.hallein.com\/en\/unternehmen\/gruber-schuhe\/\">Gruber Schuhe<\/a>, <a href=\"https:\/\/www.hallein.com\/en\/unternehmen\/esprit-hallein\/\">Esprit Hallein<\/a>, <a href=\"https:\/\/www.hallein.com\/en\/unternehmen\/ganzer-mode\/\">Ganzer Mode<\/a>, <a href=\"https:\/\/www.hallein.com\/en\/unternehmen\/hotspot-fashion-store\/\">Hotspot Fashion Store<\/a>, <a href=\"https:\/\/www.hallein.com\/en\/unternehmen\/favors-by-cbr\/\">Favors! by Cbr<\/a>, <a href=\"https:\/\/www.hallein.com\/en\/unternehmen\/sanitaetshaus-lambert-gmbh\/\">Sanit\u00e4tshaus Lambert in der Bahnhofstra\u00dfe<\/a>, <a href=\"https:\/\/www.hallein.com\/en\/unternehmen\/sanitaetshaus-lambert\/\">Sanit\u00e4tshaus Lambert Kornsteinplatz<\/a><a href=\"https:\/\/www.hallein.com\/en\/unternehmen\/grundtner-fahrraeder\/\">, Grundtner <\/a>Outlet Unterer Markt,\u00a0 <a href=\"https:\/\/www.hallein.com\/en\/unternehmen\/schaufenster\/\">Schaufenster<\/a>, <a href=\"https:\/\/www.hallein.com\/en\/unternehmen\/herzerl-fashion\/\">Herzerl Fashion<\/a>, <a href=\"https:\/\/www.hallein.com\/en\/unternehmen\/crazy-lifestyle\/\" target=\"_blank\" rel=\"noopener\">Crazy Lifestyle<\/a>, <a href=\"https:\/\/www.hallein.com\/en\/unternehmen\/halleiner-kisterl\/\">Halleiner Kisterl<\/a>, <a href=\"https:\/\/www.hallein.com\/en\/unternehmen\/piccolino-kindermode\/\">Piccolino Kindermode<\/a>, <a href=\"https:\/\/www.hallein.com\/en\/unternehmen\/concept-store-schenken-macht-gluecklich\/\" target=\"_blank\" rel=\"noopener\">schenken macht gl\u00fccklich<\/a>, <a href=\"https:\/\/www.hallein.com\/en\/?post_type=cpt_company&#038;p=12827\" target=\"_blank\" rel=\"noopener\">H\u00fcte Antoinette<\/a>, <a href=\"https:\/\/www.hallein.com\/en\/unternehmen\/johannes\/\">Johannes Herrenmode<\/a> und <a href=\"https:\/\/www.hallein.com\/en\/unternehmen\/la-moda\/\">La Moda<\/a>.<\/p>\n","protected":false},"excerpt":{"rendered":"<p>F\u00fcr alle Schn\u00e4ppchenj\u00e4ger ist es wieder soweit! Vom 22. bis 24. Mai 2024 \u00f6ffnet der allseits beliebte Schn\u00e4ppchenmarkt seine Tore. Zwischen 9 und 18 Uhr bietet sich wie jedes Jahr die perfekte Gelegenheit, in Hallein besonders g\u00fcnstig einzukaufen. Sowohl an den zahlreichen St\u00e4nden vor den Gesch\u00e4ften als auch direkt in den L\u00e4den laden die Kaufleute [&hellip;]<\/p>\n","protected":false},"featured_media":14408,"menu_order":0,"template":"","class_list":["post-11275","cpt_event","type-cpt_event","status-publish","has-post-thumbnail","hentry"],"acf":[],"_links":{"self":[{"href":"https:\/\/www.hallein.com\/en\/wp-json\/wp\/v2\/cpt_event\/11275","targetHints":{"allow":["GET"]}}],"collection":[{"href":"https:\/\/www.hallein.com\/en\/wp-json\/wp\/v2\/cpt_event"}],"about":[{"href":"https:\/\/www.hallein.com\/en\/wp-json\/wp\/v2\/types\/cpt_event"}],"wp:featuredmedia":[{"embeddable":true,"href":"https:\/\/www.hallein.com\/en\/wp-json\/wp\/v2\/media\/14408"}],"wp:attachment":[{"href":"https:\/\/www.hallein.com\/en\/wp-json\/wp\/v2\/media?parent=11275"}],"curies":[{"name":"wp","href":"https:\/\/api.w.org\/{rel}","templated":true}]}}