{"id":11230,"date":"2022-02-10T10:38:48","date_gmt":"2022-02-10T09:38:48","guid":{"rendered":"https:\/\/www.hallein.com\/erleben\/veranstaltung\/die-konferenz-der-tiere\/"},"modified":"2022-02-10T10:38:48","modified_gmt":"2022-02-10T09:38:48","slug":"die-konferenz-der-tiere","status":"publish","type":"cpt_event","link":"https:\/\/www.hallein.com\/en\/erleben\/veranstaltung\/die-konferenz-der-tiere\/","title":{"rendered":"Die Konferenz der Tiere"},"content":{"rendered":"<p><strong>Ein Comunity Music Drama von Erich K\u00e4stner unter Mitwirkung der Salzburger Bachgesellschaft<\/strong><\/p>\n<p>\u201eDie Konferenz der Tiere\u201c nach Erich K\u00e4stner wird mit 20 Kindern und \u00fcber 30 Erwachsenen aus Hallein und Umgebung zur Urauff\u00fchrung gebracht. Das \u201eCommunity Music Drama\u201c erm\u00f6glicht Kindern und Erwachsenen sich mit dem zeitlosen und politisch hochaktuellen Stoff des Klassikers von Erich K\u00e4stner zu befassen: Die Tiere vereinen sich in dieser Erz\u00e4hlung, um weitere Kriege der Menschen zu verhindern. Die \u201eFridays for Future\u201c-Bewegung ist hier nur einen Gedankensprung entfernt. In der Erz\u00e4hlung sind es die Tiere, aktuell viele unserer Kinder und Jugendlichen, die sich zusammenfinden um aktuelle Missst\u00e4nde anzuprangern und f\u00fcr Ver\u00e4nderung einzutreten.<\/p>\n","protected":false},"excerpt":{"rendered":"<p>Ein Comunity Music Drama von Erich K\u00e4stner unter Mitwirkung der Salzburger Bachgesellschaft \u201eDie Konferenz der Tiere\u201c nach Erich K\u00e4stner wird mit 20 Kindern und \u00fcber 30 Erwachsenen aus Hallein und Umgebung zur Urauff\u00fchrung gebracht. Das \u201eCommunity Music Drama\u201c erm\u00f6glicht Kindern und Erwachsenen sich mit dem zeitlosen und politisch hochaktuellen Stoff des Klassikers von Erich K\u00e4stner [&hellip;]<\/p>\n","protected":false},"featured_media":10091,"menu_order":0,"template":"","class_list":["post-11230","cpt_event","type-cpt_event","status-publish","has-post-thumbnail","hentry"],"acf":[],"_links":{"self":[{"href":"https:\/\/www.hallein.com\/en\/wp-json\/wp\/v2\/cpt_event\/11230","targetHints":{"allow":["GET"]}}],"collection":[{"href":"https:\/\/www.hallein.com\/en\/wp-json\/wp\/v2\/cpt_event"}],"about":[{"href":"https:\/\/www.hallein.com\/en\/wp-json\/wp\/v2\/types\/cpt_event"}],"wp:featuredmedia":[{"embeddable":true,"href":"https:\/\/www.hallein.com\/en\/wp-json\/wp\/v2\/media\/10091"}],"wp:attachment":[{"href":"https:\/\/www.hallein.com\/en\/wp-json\/wp\/v2\/media?parent=11230"}],"curies":[{"name":"wp","href":"https:\/\/api.w.org\/{rel}","templated":true}]}}