{"id":11188,"date":"2022-05-05T17:13:28","date_gmt":"2022-05-05T15:13:28","guid":{"rendered":"https:\/\/www.hallein.com\/erleben\/veranstaltung\/fruehjahrskonzert\/"},"modified":"2022-05-05T17:13:28","modified_gmt":"2022-05-05T15:13:28","slug":"fruehjahrskonzert","status":"publish","type":"cpt_event","link":"https:\/\/www.hallein.com\/en\/erleben\/veranstaltung\/fruehjahrskonzert\/","title":{"rendered":"Fr\u00fchjahrskonzert"},"content":{"rendered":"<p><strong>Die Bergknappenmusikkapelle Bad D\u00fcrrnberg auf der Festspielb\u00fchne<\/strong><\/p>\n<p><strong>Der Tradition verbunden, dem Fortschritt zugetan &#8211; unter diesem Motto findet nach genau zweij\u00e4hriger Corona-Pause wieder das Fr\u00fchjahrskonzert der Bergknappenmusikkapelle D\u00fcrrnberg statt. Mit St\u00fccken wie Tirol 1809 oder Granada, das durch den S\u00e4nger Martin Kiener begleitet wird, m\u00f6chte Dirigent Hans Ebner die Festspielb\u00fchne auf der Pernerinsel in Hallein mit ihren rund 800 Sitzpl\u00e4tzen wieder zum Beben bringen. Ebenfalls im Programm zu finden sind traditionelle St\u00fccke aus \u00d6sterreich bis hin zu internationalem Repertoire.<\/strong><\/p>\n<p>Unerm\u00fcdliche Motivation haben auf alle F\u00e4lle schon die 77 Musikerinnen und Musiker gezeigt, um dem Publikum am 15.05.2022 um 19:30 eine herrliche Abendunterhaltung bieten zu k\u00f6nnen. Auf zahlreiches Erscheinen freut sich auf alle F\u00e4lle der mittlerweile 436 Jahre alte Klangk\u00f6rper. Bis dahin w\u00fcnscht die Bergknappenmusikkapelle D\u00fcrrnberg, wie man in der Bergmannssprache so sch\u00f6n sagt, ein herzliches \u201eGl\u00fcck Auf!\u201c.<\/p>\n","protected":false},"excerpt":{"rendered":"<p>Die Bergknappenmusikkapelle Bad D\u00fcrrnberg auf der Festspielb\u00fchne Der Tradition verbunden, dem Fortschritt zugetan &#8211; unter diesem Motto findet nach genau zweij\u00e4hriger Corona-Pause wieder das Fr\u00fchjahrskonzert der Bergknappenmusikkapelle D\u00fcrrnberg statt. Mit St\u00fccken wie Tirol 1809 oder Granada, das durch den S\u00e4nger Martin Kiener begleitet wird, m\u00f6chte Dirigent Hans Ebner die Festspielb\u00fchne auf der Pernerinsel in Hallein [&hellip;]<\/p>\n","protected":false},"featured_media":10268,"menu_order":0,"template":"","class_list":["post-11188","cpt_event","type-cpt_event","status-publish","has-post-thumbnail","hentry"],"acf":[],"_links":{"self":[{"href":"https:\/\/www.hallein.com\/en\/wp-json\/wp\/v2\/cpt_event\/11188","targetHints":{"allow":["GET"]}}],"collection":[{"href":"https:\/\/www.hallein.com\/en\/wp-json\/wp\/v2\/cpt_event"}],"about":[{"href":"https:\/\/www.hallein.com\/en\/wp-json\/wp\/v2\/types\/cpt_event"}],"wp:featuredmedia":[{"embeddable":true,"href":"https:\/\/www.hallein.com\/en\/wp-json\/wp\/v2\/media\/10268"}],"wp:attachment":[{"href":"https:\/\/www.hallein.com\/en\/wp-json\/wp\/v2\/media?parent=11188"}],"curies":[{"name":"wp","href":"https:\/\/api.w.org\/{rel}","templated":true}]}}