{"id":11126,"date":"2022-11-11T14:12:38","date_gmt":"2022-11-11T13:12:38","guid":{"rendered":"https:\/\/www.hallein.com\/erleben\/veranstaltung\/gerhard-polt-die-well-brueder-ausm-biermoos\/"},"modified":"2022-11-11T14:12:38","modified_gmt":"2022-11-11T13:12:38","slug":"gerhard-polt-die-well-brueder-ausm-biermoos","status":"publish","type":"cpt_event","link":"https:\/\/www.hallein.com\/en\/erleben\/veranstaltung\/gerhard-polt-die-well-brueder-ausm-biermoos\/","title":{"rendered":"Gerhard Polt &#038; Die Well-Br\u00fcder aus\u2019m Biermoos"},"content":{"rendered":"<p><strong>Mehr als 3 Million Kilometer sind sie zusammen im Auto gereist, meist friedlich, manchmal hitzig diskutierend, stets unfallfrei. Gerhard Polt und die Br\u00fcder Michael, Christoph und Karl Well feiern ihre 40-j\u00e4hrige B\u00fchnenfreundschaft mit einem Jubil\u00e4umsabend.<\/strong><\/p>\n<p>\u201eGerhard Polt ist ein Ereignis\u201c, das hat Loriot festgestellt. Selbst wenn er nix sagt, fasziniert er schon, irritiert und unterh\u00e4lt. So bespielt der Satiriker landauf, landab Bierzelte, Kleinkunstb\u00fchnen, Theaters\u00e4le oder Mehrzweckhallen \u2013 und sammelt ganz nebenbei neue Geschichten f\u00fcr seine gro\u00dfe Menschenschau.<\/p>\n<p>Die drei Br\u00fcder Stofferl, Michael und Karl Well besingen Bayern und den Rest der Welt. Sie laden ein zu einem Ausflug in die Absurdit\u00e4ten der Alpenregionen zwischen Skilift, Alpinismo Tropical, Heimatverbrechen, Scheinheiligkeit und Betonisierung. Da trifft ein virtuos bespieltes Feuerwehrhaus auf bairischen Rap, herzergreifender Jodler auf rustikal-brachialen Tanz, alles in bew\u00e4hrter Tradition der Bierm\u00f6sl Blosn mit vertrauten musikalischen Kl\u00e4ngen und satirisch-scharfen Texten im heimatlichen Dialekt.<\/p>\n","protected":false},"excerpt":{"rendered":"<p>Mehr als 3 Million Kilometer sind sie zusammen im Auto gereist, meist friedlich, manchmal hitzig diskutierend, stets unfallfrei. Gerhard Polt und die Br\u00fcder Michael, Christoph und Karl Well feiern ihre 40-j\u00e4hrige B\u00fchnenfreundschaft mit einem Jubil\u00e4umsabend. \u201eGerhard Polt ist ein Ereignis\u201c, das hat Loriot festgestellt. Selbst wenn er nix sagt, fasziniert er schon, irritiert und unterh\u00e4lt. [&hellip;]<\/p>\n","protected":false},"featured_media":10431,"menu_order":0,"template":"","class_list":["post-11126","cpt_event","type-cpt_event","status-publish","has-post-thumbnail","hentry"],"acf":[],"_links":{"self":[{"href":"https:\/\/www.hallein.com\/en\/wp-json\/wp\/v2\/cpt_event\/11126","targetHints":{"allow":["GET"]}}],"collection":[{"href":"https:\/\/www.hallein.com\/en\/wp-json\/wp\/v2\/cpt_event"}],"about":[{"href":"https:\/\/www.hallein.com\/en\/wp-json\/wp\/v2\/types\/cpt_event"}],"wp:featuredmedia":[{"embeddable":true,"href":"https:\/\/www.hallein.com\/en\/wp-json\/wp\/v2\/media\/10431"}],"wp:attachment":[{"href":"https:\/\/www.hallein.com\/en\/wp-json\/wp\/v2\/media?parent=11126"}],"curies":[{"name":"wp","href":"https:\/\/api.w.org\/{rel}","templated":true}]}}