{"id":11094,"date":"2023-01-12T13:14:15","date_gmt":"2023-01-12T12:14:15","guid":{"rendered":"https:\/\/www.hallein.com\/erleben\/veranstaltung\/alles-zirkus-faschingskonzert\/"},"modified":"2023-01-12T13:14:15","modified_gmt":"2023-01-12T12:14:15","slug":"alles-zirkus-faschingskonzert","status":"publish","type":"cpt_event","link":"https:\/\/www.hallein.com\/en\/erleben\/veranstaltung\/alles-zirkus-faschingskonzert\/","title":{"rendered":"Klangfarben &#8211; Im Glanz der vier Elemente"},"content":{"rendered":"<p><strong>gruber and more &#8211; Halleiner Musik- &#038; Theaterfeste <\/strong><\/p>\n<p>Urauf\u00fchrungskonzert von Kompositionen der Klaviersch\u00fclerInnen des Musikum Salzburg. Es musizieren Sch\u00fclerInnen und Lehrer des Musikum und das accio piano trio. Bilderausstellung von Sch\u00fclerInnen des Musikum Hallein und der Aquarelle von Gabriele Chiari.<\/p>\n","protected":false},"excerpt":{"rendered":"<p>gruber and more &#8211; Halleiner Musik- &#038; Theaterfeste Urauf\u00fchrungskonzert von Kompositionen der Klaviersch\u00fclerInnen des Musikum Salzburg. Es musizieren Sch\u00fclerInnen und Lehrer des Musikum und das accio piano trio. Bilderausstellung von Sch\u00fclerInnen des Musikum Hallein und der Aquarelle von Gabriele Chiari.<\/p>\n","protected":false},"featured_media":10575,"menu_order":0,"template":"","class_list":["post-11094","cpt_event","type-cpt_event","status-publish","has-post-thumbnail","hentry"],"acf":[],"_links":{"self":[{"href":"https:\/\/www.hallein.com\/en\/wp-json\/wp\/v2\/cpt_event\/11094","targetHints":{"allow":["GET"]}}],"collection":[{"href":"https:\/\/www.hallein.com\/en\/wp-json\/wp\/v2\/cpt_event"}],"about":[{"href":"https:\/\/www.hallein.com\/en\/wp-json\/wp\/v2\/types\/cpt_event"}],"wp:featuredmedia":[{"embeddable":true,"href":"https:\/\/www.hallein.com\/en\/wp-json\/wp\/v2\/media\/10575"}],"wp:attachment":[{"href":"https:\/\/www.hallein.com\/en\/wp-json\/wp\/v2\/media?parent=11094"}],"curies":[{"name":"wp","href":"https:\/\/api.w.org\/{rel}","templated":true}]}}