{"id":11078,"date":"2023-02-02T15:04:44","date_gmt":"2023-02-02T14:04:44","guid":{"rendered":"https:\/\/www.hallein.com\/erleben\/veranstaltung\/die-konferenz-der-tiere-nach-erich-kaestner\/"},"modified":"2023-02-02T15:04:44","modified_gmt":"2023-02-02T14:04:44","slug":"die-konferenz-der-tiere-nach-erich-kaestner","status":"publish","type":"cpt_event","link":"https:\/\/www.hallein.com\/en\/erleben\/veranstaltung\/die-konferenz-der-tiere-nach-erich-kaestner\/","title":{"rendered":"Die Konferenz der Tiere nach Erich K\u00e4stner"},"content":{"rendered":"<p><strong>Ein Community Music Drama <\/strong><\/p>\n<p><strong>Das \u201eCommunity Music Drama\u201c erm\u00f6glicht Kindern und Erwachsenen sich mit dem zeitlosen und politisch hochaktuellen Stoff des Klassikers von Erich K\u00e4stner zu befassen, der das gleichnamige Buch kurz nach dem 2. Weltkrieg geschrieben hat. Die Tiere vereinen sich in dieser Erz\u00e4hlung, um weitere Kriege der Menschen zu verhindern. <\/strong><\/p>\n<p>Der L\u00f6we Alois, der Elefant Oskar, die Giraffin Leopoldine und dir Eisb\u00e4rin Paula vereinen sich und laden die Tiere der Welt zu einer Konferenz ein, um weitere Kriege der Menschen zu verhindern. Davon erz\u00e4hlt unser CoMDra mit der wunderbaren neu komponierten Musik von Jakob Gruchmann.<br \/>\nIn der Erz\u00e4hlung sind es die Tiere, die sich zusammenfinden um aktuelle Missst\u00e4nde &amp; den Krieg anzuprangern und f\u00fcr Ver\u00e4nderung einzutreten.<\/p>\n","protected":false},"excerpt":{"rendered":"<p>Ein Community Music Drama Das \u201eCommunity Music Drama\u201c erm\u00f6glicht Kindern und Erwachsenen sich mit dem zeitlosen und politisch hochaktuellen Stoff des Klassikers von Erich K\u00e4stner zu befassen, der das gleichnamige Buch kurz nach dem 2. Weltkrieg geschrieben hat. Die Tiere vereinen sich in dieser Erz\u00e4hlung, um weitere Kriege der Menschen zu verhindern. Der L\u00f6we Alois, [&hellip;]<\/p>\n","protected":false},"featured_media":10516,"menu_order":0,"template":"","class_list":["post-11078","cpt_event","type-cpt_event","status-publish","has-post-thumbnail","hentry"],"acf":[],"_links":{"self":[{"href":"https:\/\/www.hallein.com\/en\/wp-json\/wp\/v2\/cpt_event\/11078","targetHints":{"allow":["GET"]}}],"collection":[{"href":"https:\/\/www.hallein.com\/en\/wp-json\/wp\/v2\/cpt_event"}],"about":[{"href":"https:\/\/www.hallein.com\/en\/wp-json\/wp\/v2\/types\/cpt_event"}],"wp:featuredmedia":[{"embeddable":true,"href":"https:\/\/www.hallein.com\/en\/wp-json\/wp\/v2\/media\/10516"}],"wp:attachment":[{"href":"https:\/\/www.hallein.com\/en\/wp-json\/wp\/v2\/media?parent=11078"}],"curies":[{"name":"wp","href":"https:\/\/api.w.org\/{rel}","templated":true}]}}