{"id":11059,"date":"2023-02-17T08:41:18","date_gmt":"2023-02-17T07:41:18","guid":{"rendered":"https:\/\/www.hallein.com\/erleben\/veranstaltung\/fruehlingskonzert-akkordeon-orchester-hallein\/"},"modified":"2023-02-17T08:41:18","modified_gmt":"2023-02-17T07:41:18","slug":"fruehlingskonzert-akkordeon-orchester-hallein","status":"publish","type":"cpt_event","link":"https:\/\/www.hallein.com\/en\/erleben\/veranstaltung\/fruehlingskonzert-akkordeon-orchester-hallein\/","title":{"rendered":"Fr\u00fchlingskonzert Akkordeon-Orchester Hallein"},"content":{"rendered":"<p><strong>Das traditionelle Fr\u00fchlingskonzert des Akkordeon-Orchester Hallein mit der neuen musikalischen Leiterin Hana Koval\u010d\u00edkov\u00e1.<\/p>\n<p>Weiters tritt auch der Akkordeonnachwuchs wieder auf, das Akkordeon Jugendorchester unter der bew\u00e4hrten Leitung von \u017dan Trobas. Die verbindenden Texte steuert in bew\u00e4hrter Manier Gerlinde Weinm\u00fcller bei.<\/strong><\/p>\n<p>Im ersten Jahr nach der \u00c4ra Alois Breitfu\u00df pr\u00e4sentiert das Orchester wieder ein beschwingtes Programm mit neuen und bekannten Musikst\u00fccken, Originalst\u00fccke und Bearbeitungen von Tango bis Frank Sinatra!<\/p>\n","protected":false},"excerpt":{"rendered":"<p>Das traditionelle Fr\u00fchlingskonzert des Akkordeon-Orchester Hallein mit der neuen musikalischen Leiterin Hana Koval\u010d\u00edkov\u00e1. Weiters tritt auch der Akkordeonnachwuchs wieder auf, das Akkordeon Jugendorchester unter der bew\u00e4hrten Leitung von \u017dan Trobas. Die verbindenden Texte steuert in bew\u00e4hrter Manier Gerlinde Weinm\u00fcller bei. Im ersten Jahr nach der \u00c4ra Alois Breitfu\u00df pr\u00e4sentiert das Orchester wieder ein beschwingtes Programm [&hellip;]<\/p>\n","protected":false},"featured_media":10535,"menu_order":0,"template":"","class_list":["post-11059","cpt_event","type-cpt_event","status-publish","has-post-thumbnail","hentry"],"acf":[],"_links":{"self":[{"href":"https:\/\/www.hallein.com\/en\/wp-json\/wp\/v2\/cpt_event\/11059","targetHints":{"allow":["GET"]}}],"collection":[{"href":"https:\/\/www.hallein.com\/en\/wp-json\/wp\/v2\/cpt_event"}],"about":[{"href":"https:\/\/www.hallein.com\/en\/wp-json\/wp\/v2\/types\/cpt_event"}],"wp:featuredmedia":[{"embeddable":true,"href":"https:\/\/www.hallein.com\/en\/wp-json\/wp\/v2\/media\/10535"}],"wp:attachment":[{"href":"https:\/\/www.hallein.com\/en\/wp-json\/wp\/v2\/media?parent=11059"}],"curies":[{"name":"wp","href":"https:\/\/api.w.org\/{rel}","templated":true}]}}